{"id":192,"date":"2022-07-11T18:38:59","date_gmt":"2022-07-11T16:38:59","guid":{"rendered":"http:\/\/fkoiyms.cluster031.hosting.ovh.net\/?page_id=192"},"modified":"2024-06-25T16:26:02","modified_gmt":"2024-06-25T14:26:02","slug":"ateliers-loisirs-2","status":"publish","type":"page","link":"http:\/\/fkoiyms.cluster031.hosting.ovh.net\/index.php\/ateliers-loisirs-2\/","title":{"rendered":"ATELIERS LOISIRS"},"content":{"rendered":"\n<div style=\"height:51px\" aria-hidden=\"true\" class=\"wp-block-spacer\"><\/div>\n\n\n\n<blockquote class=\"wp-block-quote is-layout-flow wp-block-quote-is-layout-flow\">\n<p><strong>&#8220;L&#8217;enseignement est un autre soleil pour ceux qui le re\u00e7oive.&#8221;<\/strong> H\u00e9raclite<\/p>\n<\/blockquote>\n\n\n\n<div style=\"height:100px\" aria-hidden=\"true\" class=\"wp-block-spacer\"><\/div>\n\n\n<div class=\"wp-block-image is-resized\">\n<figure class=\"aligncenter size-full\"><img loading=\"lazy\" decoding=\"async\" width=\"240\" height=\"240\" src=\"http:\/\/fkoiyms.cluster031.hosting.ovh.net\/wp-content\/uploads\/2022\/07\/20140318-1322-jeunesse-et-education-populaire-2.jpg\" alt=\"\" class=\"wp-image-455\" srcset=\"http:\/\/fkoiyms.cluster031.hosting.ovh.net\/wp-content\/uploads\/2022\/07\/20140318-1322-jeunesse-et-education-populaire-2.jpg 240w, http:\/\/fkoiyms.cluster031.hosting.ovh.net\/wp-content\/uploads\/2022\/07\/20140318-1322-jeunesse-et-education-populaire-2-150x150.jpg 150w, http:\/\/fkoiyms.cluster031.hosting.ovh.net\/wp-content\/uploads\/2022\/07\/20140318-1322-jeunesse-et-education-populaire-2-75x75.jpg 75w\" sizes=\"auto, (max-width: 240px) 100vw, 240px\" \/><\/figure>\n<\/div>\n\n\n<blockquote class=\"wp-block-quote has-text-align-left is-layout-flow wp-block-quote-is-layout-flow\">\n<p class=\"has-text-align-center\">Nous avons re\u00e7u l&#8217;agr\u00e9ment Jeunesse et \u00c9ducation Populaire par la Pr\u00e9fecture de Vend\u00e9e en 2017, renouvel\u00e9 en 2023.<\/p>\n<\/blockquote>\n\n\n\n<div style=\"height:66px\" aria-hidden=\"true\" class=\"wp-block-spacer\"><\/div>\n\n\n\n<p class=\"has-text-align-center\">Nos ateliers loisirs de th\u00e9\u00e2tre et d&#8217;expressions sc\u00e9niques et corporelles feront leur rentr\u00e9e 2023\/2024 pour la 20\u00e8me saison, dans toute la Vend\u00e9e, avec notre atelier et nos ateliers partenaires.<\/p>\n\n\n\n<p class=\"has-text-align-center\">Pour notre atelier de<strong> Bournezeau,<\/strong> pas de pr\u00e9inscription, nous vous donnons rendez-vous directement sur place pour un premier cours d&#8217;essai gratuit \u00e0 l&#8217;issue duquel vous pourrez retirer un dossier d&#8217;inscription.<\/p>\n\n\n\n<p class=\"has-text-align-center\">Vous trouverez ci dessous le flyers avec la date, horaires et lieu de l&#8217;atelier.<\/p>\n\n\n\n<p class=\"has-text-align-center\"><\/p>\n\n\n\n<div style=\"height:55px\" aria-hidden=\"true\" class=\"wp-block-spacer\"><\/div>\n\n\n\n<div class=\"wp-block-columns alignwide is-layout-flex wp-container-core-columns-is-layout-9d6595d7 wp-block-columns-is-layout-flex\">\n<div class=\"wp-block-column is-layout-flow wp-block-column-is-layout-flow\" style=\"flex-basis:45%\"><div class=\"wp-block-image\">\n<figure class=\"aligncenter is-resized\"><img loading=\"lazy\" decoding=\"async\" width=\"1024\" height=\"348\" src=\"http:\/\/fkoiyms.cluster031.hosting.ovh.net\/wp-content\/uploads\/2024\/06\/Messenger_creation_6d95f00a-6319-4d43-960a-49e2ddb5590e-1024x348.jpeg\" alt=\"\" class=\"wp-image-962\" style=\"width:331px;height:auto\" srcset=\"http:\/\/fkoiyms.cluster031.hosting.ovh.net\/wp-content\/uploads\/2024\/06\/Messenger_creation_6d95f00a-6319-4d43-960a-49e2ddb5590e-1024x348.jpeg 1024w, http:\/\/fkoiyms.cluster031.hosting.ovh.net\/wp-content\/uploads\/2024\/06\/Messenger_creation_6d95f00a-6319-4d43-960a-49e2ddb5590e-300x102.jpeg 300w, http:\/\/fkoiyms.cluster031.hosting.ovh.net\/wp-content\/uploads\/2024\/06\/Messenger_creation_6d95f00a-6319-4d43-960a-49e2ddb5590e-768x261.jpeg 768w, http:\/\/fkoiyms.cluster031.hosting.ovh.net\/wp-content\/uploads\/2024\/06\/Messenger_creation_6d95f00a-6319-4d43-960a-49e2ddb5590e-1536x522.jpeg 1536w, http:\/\/fkoiyms.cluster031.hosting.ovh.net\/wp-content\/uploads\/2024\/06\/Messenger_creation_6d95f00a-6319-4d43-960a-49e2ddb5590e.jpeg 1948w\" sizes=\"auto, (max-width: 1024px) 100vw, 1024px\" \/><\/figure>\n<\/div>\n\n\n<div style=\"height:44px\" aria-hidden=\"true\" class=\"wp-block-spacer\"><\/div>\n\n\n<div class=\"wp-block-image\">\n<figure class=\"aligncenter size-large is-resized\"><img loading=\"lazy\" decoding=\"async\" width=\"1024\" height=\"768\" src=\"http:\/\/fkoiyms.cluster031.hosting.ovh.net\/wp-content\/uploads\/2024\/06\/Messenger_creation_64e79ef7-d1c1-4116-a447-c5b2c4b0983d-1024x768.jpeg\" alt=\"\" class=\"wp-image-964\" style=\"width:335px;height:auto\" srcset=\"http:\/\/fkoiyms.cluster031.hosting.ovh.net\/wp-content\/uploads\/2024\/06\/Messenger_creation_64e79ef7-d1c1-4116-a447-c5b2c4b0983d-1024x768.jpeg 1024w, http:\/\/fkoiyms.cluster031.hosting.ovh.net\/wp-content\/uploads\/2024\/06\/Messenger_creation_64e79ef7-d1c1-4116-a447-c5b2c4b0983d-300x225.jpeg 300w, http:\/\/fkoiyms.cluster031.hosting.ovh.net\/wp-content\/uploads\/2024\/06\/Messenger_creation_64e79ef7-d1c1-4116-a447-c5b2c4b0983d-768x576.jpeg 768w, http:\/\/fkoiyms.cluster031.hosting.ovh.net\/wp-content\/uploads\/2024\/06\/Messenger_creation_64e79ef7-d1c1-4116-a447-c5b2c4b0983d-1536x1152.jpeg 1536w, http:\/\/fkoiyms.cluster031.hosting.ovh.net\/wp-content\/uploads\/2024\/06\/Messenger_creation_64e79ef7-d1c1-4116-a447-c5b2c4b0983d.jpeg 2000w\" sizes=\"auto, (max-width: 1024px) 100vw, 1024px\" \/><\/figure>\n<\/div><\/div>\n\n\n\n<div class=\"wp-block-column is-layout-flow wp-block-column-is-layout-flow\" style=\"flex-basis:55%\">\n<p class=\"has-text-align-center\"><strong>TARIFS <\/strong><\/p>\n\n\n\n<p><\/p>\n\n\n\n<p class=\"has-text-align-center\">50.00 euros \/ trimestre +15.00 euros d\u2019adh\u00e9sion annuelle. <\/p>\n\n\n\n<p class=\"has-text-align-center\">Pas de fournitures ni de mat\u00e9riel \u00e0 pr\u00e9voir, pas d\u2019achat compl\u00e9mentaire. Peut \u00eatre quelques \u201ctrucs\u201d \u00e0 d\u00e9goter de votre c\u00f4t\u00e9 en pr\u00e9vision des repr\u00e9sentations publiques de fin de saison.<br><\/p>\n\n\n\n<p class=\"has-text-align-center\">PASS CULTURE ET SPORTS \/ CH\u00c8QUES VACANCES ANCV ACCEPTES.<\/p>\n<\/div>\n<\/div>\n\n\n\n<div style=\"height:55px\" aria-hidden=\"true\" class=\"wp-block-spacer\"><\/div>\n\n\n\n<p class=\"has-text-align-center\">Pas de travail suppl\u00e9mentaire,  pas de texte \u00e0 apprendre, pour ne pas surcharger nos \u00e9l\u00e8ves.<\/p>\n\n\n\n<p class=\"has-text-align-center\"><strong>A la fin de la saison, nos \u00e9l\u00e8ves pr\u00e9senteront un spectacle devant les familles, pour montrer leur travail et leur \u00e9volution. <\/strong><\/p>\n\n\n\n<p class=\"has-text-align-center\"><strong>Un vrai moment de partage !<\/strong><\/p>\n\n\n\n<div style=\"height:34px\" aria-hidden=\"true\" class=\"wp-block-spacer\"><\/div>\n\n\n<div class=\"wp-block-image\">\n<figure class=\"aligncenter size-full is-resized\"><img loading=\"lazy\" decoding=\"async\" width=\"1440\" height=\"1440\" src=\"http:\/\/fkoiyms.cluster031.hosting.ovh.net\/wp-content\/uploads\/2024\/06\/ateliers-loisirs-2024-2025-programme-4.jpg\" alt=\"\" class=\"wp-image-1026\" style=\"aspect-ratio:0.7054673721340388;width:400px;height:auto\" srcset=\"http:\/\/fkoiyms.cluster031.hosting.ovh.net\/wp-content\/uploads\/2024\/06\/ateliers-loisirs-2024-2025-programme-4.jpg 1440w, http:\/\/fkoiyms.cluster031.hosting.ovh.net\/wp-content\/uploads\/2024\/06\/ateliers-loisirs-2024-2025-programme-4-300x300.jpg 300w, http:\/\/fkoiyms.cluster031.hosting.ovh.net\/wp-content\/uploads\/2024\/06\/ateliers-loisirs-2024-2025-programme-4-1024x1024.jpg 1024w, http:\/\/fkoiyms.cluster031.hosting.ovh.net\/wp-content\/uploads\/2024\/06\/ateliers-loisirs-2024-2025-programme-4-150x150.jpg 150w, http:\/\/fkoiyms.cluster031.hosting.ovh.net\/wp-content\/uploads\/2024\/06\/ateliers-loisirs-2024-2025-programme-4-768x768.jpg 768w, http:\/\/fkoiyms.cluster031.hosting.ovh.net\/wp-content\/uploads\/2024\/06\/ateliers-loisirs-2024-2025-programme-4-75x75.jpg 75w\" sizes=\"auto, (max-width: 1440px) 100vw, 1440px\" \/><\/figure>\n<\/div>\n\n\n<div style=\"height:49px\" aria-hidden=\"true\" class=\"wp-block-spacer\"><\/div>\n\n\n\n<p class=\"has-text-align-center\"><strong>RETROUVEZ NOUS \u00c9GALEMENT EN PARTENARIAT AVEC<\/strong>:<\/p>\n\n\n\n<p class=\"has-text-align-center\">\u2013 <strong>Familles Rurales les Lucs sur Boulogne<\/strong> <br>responsable Malika BONNEAU \u2013 contact : 02.51.62.32.70<\/p>\n\n\n\n<p class=\"has-text-align-center\">\u2013 <strong>Association Flore Culturelle Sainte Florence <\/strong><br>responsable Anjela \u2013 contact : 02.51.66.10.84<\/p>\n\n\n\n<p class=\"has-text-align-center\">\u2013 <strong>Association le Caillou Blanc Les Sables d&#8217;Olonne<\/strong><br>contact : caillou-blanc@hotmail.fr<\/p>\n\n\n\n<p class=\"has-text-align-center\">&#8211; <strong>Centre Socio-Culturel Talmondais<\/strong>, <strong>de Talmont-Saint-Hilaire<\/strong><br>responsable B\u00e9atrice GUILLET \u2013 contact : 02.51.96.02.76<\/p>\n\n\n\n<div style=\"height:66px\" aria-hidden=\"true\" class=\"wp-block-spacer\"><\/div>\n\n\n\n<p class=\"has-text-align-center\"><br><strong>PROJET P\u00c9DAGOGIQUE<\/strong> :<\/p>\n\n\n\n<p class=\"has-text-align-center\"><br>Confiance en soi, confiance aux autres, coh\u00e9sion de groupe, cr\u00e9ation d\u2019une troupe, une source in\u00e9puisable de r\u00e9flexions et de prolongements p\u00e9dagogiques possibles\u2026<br>On \u00ab \u00e9crit \u00bb, on imagine et on \u00ab dessine \u00bb, ensemble, ce que le groupe a envie de dire.<br>L\u2019intervenant sera le metteur en sc\u00e8ne, dans le respect de chacun et, surtout, de la parole et de l\u2019int\u00e9grit\u00e9 des \u00e9l\u00e8ves.<br>La joie et le plaisir de jouer et de faire du th\u00e9\u00e2tre avec s\u00e9rieux et respect sont entiers et livr\u00e9s sur un plateau, sous le regard bienveillant des intervenants p\u00e9dagogiques et des familles !<br><br><strong>JEUX \u2013 CORPS \u2013 CONFIANCE \u2013 RESPECT \u2013 CR\u00c9ATION \u2013 JOIE D\u2019\u00caTRE- IMAGINATION COLLECTIVE &#8211; D\u00c9VELOPPEMENT PERSONNEL<\/strong><br>sont les ma\u00eetres-mots de notre engagement p\u00e9dagogique \u00e0 tous les niveaux.<br><\/p>\n\n\n\n<div style=\"height:90px\" aria-hidden=\"true\" class=\"wp-block-spacer\"><\/div>\n\n\n\n<div class=\"wp-block-media-text alignwide has-media-on-the-right is-stacked-on-mobile is-vertically-aligned-top\" style=\"grid-template-columns:auto 53%\"><div class=\"wp-block-media-text__content\">\n<p class=\"has-text-align-center\"><strong>\u00c9THIQUE ET ENGAGEMENT<\/strong><\/p>\n\n\n\n<p class=\"has-text-align-center\"><br>Notre th\u00e9\u00e2tre apprendra aussi \u00e0 chacun le respect des limites : des siennes et celles des autres, physiques, respectueuses, mat\u00e9rielles et du possible.<br>Personne n\u2019est mis de c\u00f4t\u00e9 : la personnalit\u00e9 discr\u00e8te aura son mot \u00e0 dire, son r\u00f4le \u00e0 jouer et sa pr\u00e9sence tr\u00e8s forte \u00e0 ajouter comme valeur compl\u00e9mentaire au spectacle du groupe, la personnalit\u00e9 plus forte aura \u00e9galement sa part d\u2019\u00e9nergie \u00e0 distribuer, sa fantaisie \u00e0 ajouter en valeur suppl\u00e9mentaire de l\u2019\u0153uvre commune dont il fait partie int\u00e9grante.<br>L\u2019un comprendra ainsi l\u2019importance et les atouts de l\u2019autre. Et vice et versa.<\/p>\n<\/div><figure class=\"wp-block-media-text__media\"><img loading=\"lazy\" decoding=\"async\" width=\"1024\" height=\"682\" src=\"http:\/\/fkoiyms.cluster031.hosting.ovh.net\/wp-content\/uploads\/2022\/07\/13235668_1205708516136777_8694763026492747803_o-1024x682.jpg\" alt=\"\" class=\"wp-image-452 size-full\" srcset=\"http:\/\/fkoiyms.cluster031.hosting.ovh.net\/wp-content\/uploads\/2022\/07\/13235668_1205708516136777_8694763026492747803_o-1024x682.jpg 1024w, http:\/\/fkoiyms.cluster031.hosting.ovh.net\/wp-content\/uploads\/2022\/07\/13235668_1205708516136777_8694763026492747803_o-300x200.jpg 300w, http:\/\/fkoiyms.cluster031.hosting.ovh.net\/wp-content\/uploads\/2022\/07\/13235668_1205708516136777_8694763026492747803_o-768x512.jpg 768w, http:\/\/fkoiyms.cluster031.hosting.ovh.net\/wp-content\/uploads\/2022\/07\/13235668_1205708516136777_8694763026492747803_o-1536x1024.jpg 1536w, http:\/\/fkoiyms.cluster031.hosting.ovh.net\/wp-content\/uploads\/2022\/07\/13235668_1205708516136777_8694763026492747803_o.jpg 2000w\" sizes=\"auto, (max-width: 1024px) 100vw, 1024px\" \/><\/figure><\/div>\n\n\n\n<p><br><br><\/p>\n","protected":false},"excerpt":{"rendered":"<p>&#8220;L&#8217;enseignement est un autre soleil pour ceux qui le re\u00e7oive.&#8221; H\u00e9raclite Nous avons re\u00e7u l&#8217;agr\u00e9ment Jeunesse et \u00c9ducation Populaire par la Pr\u00e9fecture de Vend\u00e9e en&hellip; <\/p>\n","protected":false},"author":1,"featured_media":0,"parent":0,"menu_order":0,"comment_status":"closed","ping_status":"closed","template":"","meta":{"footnotes":""},"class_list":["post-192","page","type-page","status-publish","hentry"],"_links":{"self":[{"href":"http:\/\/fkoiyms.cluster031.hosting.ovh.net\/index.php\/wp-json\/wp\/v2\/pages\/192","targetHints":{"allow":["GET"]}}],"collection":[{"href":"http:\/\/fkoiyms.cluster031.hosting.ovh.net\/index.php\/wp-json\/wp\/v2\/pages"}],"about":[{"href":"http:\/\/fkoiyms.cluster031.hosting.ovh.net\/index.php\/wp-json\/wp\/v2\/types\/page"}],"author":[{"embeddable":true,"href":"http:\/\/fkoiyms.cluster031.hosting.ovh.net\/index.php\/wp-json\/wp\/v2\/users\/1"}],"replies":[{"embeddable":true,"href":"http:\/\/fkoiyms.cluster031.hosting.ovh.net\/index.php\/wp-json\/wp\/v2\/comments?post=192"}],"version-history":[{"count":8,"href":"http:\/\/fkoiyms.cluster031.hosting.ovh.net\/index.php\/wp-json\/wp\/v2\/pages\/192\/revisions"}],"predecessor-version":[{"id":1032,"href":"http:\/\/fkoiyms.cluster031.hosting.ovh.net\/index.php\/wp-json\/wp\/v2\/pages\/192\/revisions\/1032"}],"wp:attachment":[{"href":"http:\/\/fkoiyms.cluster031.hosting.ovh.net\/index.php\/wp-json\/wp\/v2\/media?parent=192"}],"curies":[{"name":"wp","href":"https:\/\/api.w.org\/{rel}","templated":true}]}}